{"id":1187,"date":"2018-03-30T17:09:58","date_gmt":"2018-03-30T17:09:58","guid":{"rendered":"http:\/\/blog.schattengrenzen.de\/?page_id=1187"},"modified":"2024-04-10T10:33:23","modified_gmt":"2024-04-10T10:33:23","slug":"kurzgeschichten","status":"publish","type":"page","link":"https:\/\/www.schattengrenzen.de\/?page_id=1187","title":{"rendered":"Kurzgeschichten"},"content":{"rendered":"<p>Im Lauf der Jahre habe ich eigentlich wesentlich mehr Kurzgeschichten geschrieben, als ich je ver\u00f6ffentlicht habe. Einige davon, die ver\u00f6ffentlichten, sind bereits aufgelistet:<\/p>\n<p><strong><a href=\"https:\/\/www.amazon.de\/Planta-Nubo-Solarpunk-Anthologie-%C2%BBOvergrown%C2%AB-Overgrown-ebook\/dp\/B0CHZ5Q6Q6\" target=\"_blank\" rel=\"noopener\">Seeker<\/a> &#8211; Planta Nubo: Eine Solarpunk-Anthologie in der Welt von \u00bbOvergrown\u00ab (Overgrown \/ Eine Solarpunk Welt 1), 2023<\/strong><br \/>\n<img loading=\"lazy\" decoding=\"async\" class=\"size-medium wp-image-1716 alignleft\" src=\"https:\/\/www.schattengrenzen.de\/wp-content\/uploads\/2024\/04\/Planta-Nubo-191x300.jpg\" alt=\"\" width=\"191\" height=\"300\" srcset=\"https:\/\/www.schattengrenzen.de\/wp-content\/uploads\/2024\/04\/Planta-Nubo-191x300.jpg 191w, https:\/\/www.schattengrenzen.de\/wp-content\/uploads\/2024\/04\/Planta-Nubo-300x470.jpg 300w, https:\/\/www.schattengrenzen.de\/wp-content\/uploads\/2024\/04\/Planta-Nubo.jpg 638w\" sizes=\"auto, (max-width: 191px) 100vw, 191px\" \/>Klappentext:<br \/>\nIn der Solarpunk-Zukunft von Overgrown kann man sich die Welt von heute kaum mehr vorstellen. Alles, was bleibt, sind die Geschichten, die die Alten erz\u00e4hlen: Davon, wie die Menschheit in ihrer st\u00e4ndigen Gier nach mehr sich beinahe selbst vernichtet h\u00e4tte und wie in letzter Minute die Rettung aus einer Richtung kam, die niemand erwartet h\u00e4tte: von den Pflanzen.<br \/>\nAls das \u00d6kosystem des Planeten schon dabei war, zusammenzubrechen, sprossen pl\u00f6tzlich die Arboren aus dem Boden \u2013 riesige B\u00e4ume, deren Kronen unvergifteten Lebensraum f\u00fcr ganz neue Arten boten. Die \u00fcberlebenden Menschen verlie\u00dfen den Boden und bauten sich in den Baumkronen ein neues Leben auf \u2013 ein Leben im Einklang mit der Natur.<br \/>\nBasierend auf der Welt des Brettspiels Planta Nubo erz\u00e4hlt diese Solarpunk-Anthologie Geschichten aus der Overgrown-\u00c4ra, der Zeit nach dem Neuanfang. Verfolgt die Held:innen der Geschichten bei der Erforschung neuer Pflanzenarten und deren Wirkungen, beim Erfinden neuer und nachhaltiger Technologien, und dabei, wie sie ihren Platz in ihrer Gemeinschaft finden.<br \/>\nTauchen Sie ein in die hoffnungsvollen Zukunftsvisionen von 20 Autor:innen, die sich in dem jungen Genre des Solarpunks einen Namen machen. Tauche ein in die Welt von Overgrown.<\/p>\n<p>Mit Geschichten von:<br \/>\nChristian von Aster, Anja Bagus, Tim Becker, Andi Bottlinger, Laura D\u00fcmpelfeld, Anita Gr\u00f6ger, Christian Gronauer, Thorsten Hanson, Christian Humberg, Vanessa Jaeckert, Lillith Korn, Diandra Linnemann, Jacqueline Mayerhofer, Tanja Meurer, Jacqueline Montemurri, Bernd Perplies, Linda Sack, Anna Schlimpen, Juliane Seidel, Phoebe Wagner<\/p>\n<p>Herausgegeben von Sven Nieder und Andi Bottlinger.<\/p>\n<hr \/>\n<p><strong><a href=\"https:\/\/www.amazon.de\/Beweisst%C3%BCck-Neue-Indizien-Eine-Anthologie-ebook\/dp\/B0CMQNMNDV\" target=\"_blank\" rel=\"noopener\">Kammerspiel<\/a> &#8211; Beweisst\u00fcck A &#8211; Neue Indizien: Eine ace und aro Anthologie, 2023<\/strong><\/p>\n<figure id=\"attachment_1707\" aria-describedby=\"caption-attachment-1707\" style=\"width: 212px\" class=\"wp-caption alignleft\"><img loading=\"lazy\" decoding=\"async\" class=\"size-medium wp-image-1707\" src=\"https:\/\/www.schattengrenzen.de\/wp-content\/uploads\/2024\/04\/Beweisstueck-A-212x300.jpg\" alt=\"Beweisst\u00fcck A\" width=\"212\" height=\"300\" srcset=\"https:\/\/www.schattengrenzen.de\/wp-content\/uploads\/2024\/04\/Beweisstueck-A-212x300.jpg 212w, https:\/\/www.schattengrenzen.de\/wp-content\/uploads\/2024\/04\/Beweisstueck-A-300x426.jpg 300w, https:\/\/www.schattengrenzen.de\/wp-content\/uploads\/2024\/04\/Beweisstueck-A.jpg 600w\" sizes=\"auto, (max-width: 212px) 100vw, 212px\" \/><figcaption id=\"caption-attachment-1707\" class=\"wp-caption-text\">Beweisst\u00fcck A<\/figcaption><\/figure>\n<p>Klappentext:<br \/>\nMordverd\u00e4chtige Filmdiven und M\u00e4rchenprinzessinnen, die lieber einen anderen Job h\u00e4tten. Teenager und ein Wertiger, die an den Erwartungen ihres Umfelds verzweifeln. Ein Schneider und eine Gruppe Freunde, die mit magischen R\u00e4tseln konfrontiert sind, w\u00e4hrend Nerds sich mit der Postapokalypse herumschlagen m\u00fcssen.<br \/>\n19 Geschichten dienen als neue Beweisst\u00fccke daf\u00fcr, wie farbenfroh die Palette an asexuellen und aromantischen Figuren sein kann und welch vielf\u00e4ltige M\u00f6glichkeiten das Leben jenseits klassischer romantischer Paarbeziehungen bereith\u00e4lt.<br \/>\nMit Beitr\u00e4gen von Annina Anderhalden, Annika Baumgart, Jay Blue-Corax, DasTenna, Carmilla DeWinter, Jens Gehres, Marcus R. Gilman, Kaj Iden, Gregor Jungheim, Katharina Lucas, Tanja Meurer, Morning Dew, Nayina, Lydia R. Noir, Finn A. Pieber, Juliane Seidel, skalabyrinth, Katherina Ushachov und Judith Wolfertstetter.<br \/>\nDer komplette Erl\u00f6s geht an den InSpektren Podcast n.e.V.<\/p>\n<hr \/>\n<p><strong><a href=\"https:\/\/www.amazon.de\/Queeres-entdecken-2022-Kurzgeschichten-Romanausz%C3%BCge\/dp\/334772285X\" target=\"_blank\" rel=\"noopener\">Helden<\/a> (Auszug) &#8211; Queeres entdecken 2022: Kurzgeschichten, Erz\u00e4hlungen und Romanausz\u00fcge vom 2. Litfest homochrom, 2022<\/strong><br \/>\n<img loading=\"lazy\" decoding=\"async\" class=\"alignleft size-medium wp-image-1708\" src=\"https:\/\/www.schattengrenzen.de\/wp-content\/uploads\/2024\/04\/Queeres-entdecken-2022-211x300.jpg\" alt=\"\" width=\"211\" height=\"300\" srcset=\"https:\/\/www.schattengrenzen.de\/wp-content\/uploads\/2024\/04\/Queeres-entdecken-2022-211x300.jpg 211w, https:\/\/www.schattengrenzen.de\/wp-content\/uploads\/2024\/04\/Queeres-entdecken-2022-722x1024.jpg 722w, https:\/\/www.schattengrenzen.de\/wp-content\/uploads\/2024\/04\/Queeres-entdecken-2022-768x1090.jpg 768w, https:\/\/www.schattengrenzen.de\/wp-content\/uploads\/2024\/04\/Queeres-entdecken-2022-300x426.jpg 300w, https:\/\/www.schattengrenzen.de\/wp-content\/uploads\/2024\/04\/Queeres-entdecken-2022-850x1206.jpg 850w, https:\/\/www.schattengrenzen.de\/wp-content\/uploads\/2024\/04\/Queeres-entdecken-2022.jpg 1057w\" sizes=\"auto, (max-width: 211px) 100vw, 211px\" \/>Klappentext:<br \/>\n&#8220;Queeres entdecken 2022&#8221; ist der zweite Band des Litfests homochrom in K\u00f6ln und bietet ein buntes Panorama aktueller, ausgew\u00e4hlt guter queerer Literatur.<br \/>\nIm Juli 2022 lasen 36 Autor*innen ihre abwechslungreichen Texte beim 2. Litfest, dem bisher gr\u00f6\u00dften Festival f\u00fcr deutschsprachige Literatur mit LSBTIAQ-Bezug, welches im August 2021 erstmals stattfand. Neben den Lesevideos und Podcasts erscheinen in dieser Anthologie, die zu einem kosteng\u00fcnstigen Preis angeboten werden, auf prallen 376 Seiten stolze 24 der besten Kurzgeschichten, Erz\u00e4hlungen und Romanausz\u00fcge mit einer Lesel\u00e4nge von zirka 25-30 Minuten, einschlie\u00dflich aller drei Publikumspreisgewinner und mehrerer unver\u00f6ffentlichter Texte, um von dir entdeckt zu werden &#8211; und um dir hoffentlich Lust auf mehr queere Literatur zu machen.<\/p>\n<hr \/>\n<p><strong><a href=\"https:\/\/www.amazon.de\/Wie-ein-bunter-Traum-Teenie-Tr%C3%A4ume-ebook\/dp\/B09VG7NLSF\" target=\"_blank\" rel=\"noopener\">Helden<\/a> &#8211; Wie ein bunter Traum &#8211; Teenie-Tr\u00e4ume, 2022<\/strong><\/p>\n<p><img loading=\"lazy\" decoding=\"async\" class=\"alignleft size-medium wp-image-1717\" src=\"https:\/\/www.schattengrenzen.de\/wp-content\/uploads\/2024\/04\/Wie-ein-bunter-Ftraum-188x300.jpg\" alt=\"\" width=\"188\" height=\"300\" srcset=\"https:\/\/www.schattengrenzen.de\/wp-content\/uploads\/2024\/04\/Wie-ein-bunter-Ftraum-188x300.jpg 188w, https:\/\/www.schattengrenzen.de\/wp-content\/uploads\/2024\/04\/Wie-ein-bunter-Ftraum-300x478.jpg 300w, https:\/\/www.schattengrenzen.de\/wp-content\/uploads\/2024\/04\/Wie-ein-bunter-Ftraum.jpg 643w\" sizes=\"auto, (max-width: 188px) 100vw, 188px\" \/>Klappentext:<br \/>\nWas, wenn Fuchs und Kr\u00e4he dir den Weg zu dir selbst weisen? Wenn du miterlebst, wie wahre Held*innen geboren werden? Wenn du dich in jemanden verliebst, der dasselbe Geschlecht hat wie du \u2013 oder \u00fcberhaupt in niemanden?<\/p>\n<p>Dieses Buch l\u00e4dt dich ein, die Fl\u00fcgel deiner Fantasie auszustrecken und die Welt in all ihren Farben zu erkunden. Voller Menschen, die leben und lieben, wie sie es wollen. F\u00fcr welchen Traum schl\u00e4gt dein Herz?<\/p>\n<p>Begib dich auf eine fantastische Reise durch neun regenbogenbunte Geschichten. Hier findest du allt\u00e4gliche und \u00fcbernat\u00fcrliche Gefahren, gute Freund*innen \u2013 und vielleicht sogar dich selbst. Eine Anthologie f\u00fcr Lesebegeisterte ab 12 mit Geschichten jenseits aller Schubladen von Noah Stoffers, Jannis Plastargias, Mo Kast, Yansa Br\u00fcnnling, Jennifer Hauff, Leonie Below, Casjen Griesel, Andi Bottlinger und Tanja Meurer.<\/p>\n<p>Der Erl\u00f6s aus den Verk\u00e4ufen geht an den Verein \u201eQueer Lexikon\u201c, eine Online-Anlaufstelle f\u00fcr Kinder und Jugendliche, die Fragen zu romantischer, sexueller und geschlechtlicher Vielfalt haben.<\/p>\n<hr \/>\n<p><strong><a href=\"https:\/\/www.amazon.de\/Urban-Fantasy-going-Queer-Alex-ebook\/dp\/B09J4Q9DL5\" target=\"_blank\" rel=\"noopener\">In einem Atemzug<\/a> &#8211; Urban Fantasy going Queer, 2021<\/strong><\/p>\n<p><img loading=\"lazy\" decoding=\"async\" class=\"alignleft size-medium wp-image-1709\" src=\"https:\/\/www.schattengrenzen.de\/wp-content\/uploads\/2024\/04\/Urban-Fantasy-going-queer-213x300.jpg\" alt=\"\" width=\"213\" height=\"300\" srcset=\"https:\/\/www.schattengrenzen.de\/wp-content\/uploads\/2024\/04\/Urban-Fantasy-going-queer-213x300.jpg 213w, https:\/\/www.schattengrenzen.de\/wp-content\/uploads\/2024\/04\/Urban-Fantasy-going-queer-727x1024.jpg 727w, https:\/\/www.schattengrenzen.de\/wp-content\/uploads\/2024\/04\/Urban-Fantasy-going-queer-768x1082.jpg 768w, https:\/\/www.schattengrenzen.de\/wp-content\/uploads\/2024\/04\/Urban-Fantasy-going-queer-300x423.jpg 300w, https:\/\/www.schattengrenzen.de\/wp-content\/uploads\/2024\/04\/Urban-Fantasy-going-queer-850x1197.jpg 850w, https:\/\/www.schattengrenzen.de\/wp-content\/uploads\/2024\/04\/Urban-Fantasy-going-queer.jpg 1065w\" sizes=\"auto, (max-width: 213px) 100vw, 213px\" \/>Klappentext:<br \/>\nDas Genre der Marginalisierten und zur Unsichtbarkeit Verdonnerten, die f\u00fcr ihre Repr\u00e4sentation und Existenz in der Gesellschaft viele K\u00e4mpfe austragen m\u00fcssen. Wie die K\u00e4mpfe von Queers wegen Blutspendenverbote, Hassverbrechen, geschlechtlicher und sexueller Anerkennung, Selbstbestimmungsgesetze, Adoptionsrechte, Asylrechte, gegen Fetischisierung, Pathologisierung und, und, und &#8230;<\/p>\n<p>In dieser Anthologie versammeln sich Kurzgeschichten von offen queeren Autor*innen der deutschsprachigen Phantastik-Szene. Sie vermengen gesellschaftspolitische Themen unseres modernen Alltags mit magischen Einzelschicksalen und leisten jenseits des unterhaltenden Lesevergn\u00fcgens auch einen wichtigen Beitrag: Wir sind mehr als unsichtbare Marginalisierte!<\/p>\n<hr \/>\n<p><strong><a href=\"https:\/\/www.amazon.de\/gp\/product\/B09N2WP2WL\" target=\"_blank\" rel=\"noopener\">Staub<\/a> &#8211; When skies are falling, 2021<\/strong><\/p>\n<figure id=\"attachment_1710\" aria-describedby=\"caption-attachment-1710\" style=\"width: 195px\" class=\"wp-caption alignleft\"><img loading=\"lazy\" decoding=\"async\" class=\"size-medium wp-image-1710\" src=\"https:\/\/www.schattengrenzen.de\/wp-content\/uploads\/2024\/04\/When-skies-are-falling-195x300.jpg\" alt=\"\" width=\"195\" height=\"300\" srcset=\"https:\/\/www.schattengrenzen.de\/wp-content\/uploads\/2024\/04\/When-skies-are-falling-195x300.jpg 195w, https:\/\/www.schattengrenzen.de\/wp-content\/uploads\/2024\/04\/When-skies-are-falling-300x462.jpg 300w, https:\/\/www.schattengrenzen.de\/wp-content\/uploads\/2024\/04\/When-skies-are-falling.jpg 325w\" sizes=\"auto, (max-width: 195px) 100vw, 195px\" \/><figcaption id=\"caption-attachment-1710\" class=\"wp-caption-text\">When skies are falling<\/figcaption><\/figure>\n<p>Klappentext:<br \/>\nJagen Wolkenwesen durch den Himmel, tr\u00e4gt uns der Wind in ferne Welten &#8230;<\/p>\n<p>Fliegende Donnerhaie, blutr\u00fcnstige Harpyien und Magie &#8211; 14 Geschichten erz\u00e4hlen uns von unendlichen Weiten, der Freiheit der L\u00fcfte und der Gewalt ihrer St\u00fcrme. Sie k\u00fcnden von unergr\u00fcndlichen Tr\u00e4umen, vom Fliegen und der Angst, ins Bodenlose zu fallen.<\/p>\n<p>&nbsp;<\/p>\n<p>&nbsp;<\/p>\n<p>&nbsp;<\/p>\n<p>&nbsp;<\/p>\n<hr \/>\n<p><strong><a href=\"https:\/\/www.amazon.de\/Like-Dream-Benefizanthologie-Carmilla-DeWinter-ebook\/dp\/B07PS13X1V\" target=\"_blank\" rel=\"noopener\">Bestie<\/a> &#8211; Like a (bad) Dream, 2019<\/strong><\/p>\n<p><img loading=\"lazy\" decoding=\"async\" class=\"alignleft size-medium wp-image-1711\" src=\"https:\/\/www.schattengrenzen.de\/wp-content\/uploads\/2024\/04\/LabD-188x300.jpg\" alt=\"\" width=\"188\" height=\"300\" srcset=\"https:\/\/www.schattengrenzen.de\/wp-content\/uploads\/2024\/04\/LabD-188x300.jpg 188w, https:\/\/www.schattengrenzen.de\/wp-content\/uploads\/2024\/04\/LabD-300x480.jpg 300w, https:\/\/www.schattengrenzen.de\/wp-content\/uploads\/2024\/04\/LabD.jpg 625w\" sizes=\"auto, (max-width: 188px) 100vw, 188px\" \/>Klappentext:<br \/>\nDer Blog Like a Dream wird erwachsen \u2013 ein Grund f\u00fcr 18 Autor*innen, sich erneut f\u00fcr eine Benefizanthologie zusammenzufinden.<\/p>\n<p>Wo bleiben Tr\u00e4ume, wenn man im Copacabana Palace ums \u00dcberleben k\u00e4mpft, einen Nix trifft oder seinen Auftragskiller kennenlernt? Wie befreit man seinen Geliebten aus einem Albtraum, stellt sich lange unterdr\u00fcckten Sehns\u00fcchten oder wird mit einem D\u00e4mon fertig?<\/p>\n<p>18 mitrei\u00dfende Geschichten voller (Alb)Tr\u00e4ume, mal hoffnungsvoll und romantisch, mal d\u00fcster und nachdenklich, zwischen Gegenwart, fernen Welten und Vergangenheit.<\/p>\n<p>Der komplette Erl\u00f6s geht an vielbunt e.V., die damit queeren Fl\u00fcchtlingen unb\u00fcrokratisch und schnell helfen.<\/p>\n<p>Mit Beitr\u00e4gen von: Elea Brandt, Barbara Corsten, Carmilla DeWinter, Jona Dreyer, Annette Juretzki, Svea Lundberg, Jobst Mahrenholz, Tanja Meurer, Jannis Plastargias, Thomas Pregel, Chris P. Rolls, S. B. Sasori, Elisa Schwarz, Juliane Seidel, Dima von Seelenburg, Dennis Stephan, J. Walther und T. A. Wegberg.<\/p>\n<hr \/>\n<article class=\"col-md-12 item-page\"><strong><a href=\"https:\/\/www.amazon.de\/Mittendrin-nirgendwo-Benefiz-Anthologie-Stra%C3%9Fenkinder-V-ebook\/dp\/B075GX6V5F\">Warte, warte nur ein Weilchen<\/a> \u2013 Mittendrin und nirgendwo: Benefiz-Anthologie zugunsten des Vereins Stra\u00dfenkinder e. V., 2017<\/strong><\/article>\n<article><\/article>\n<article class=\"col-md-12 item-page\"><img loading=\"lazy\" decoding=\"async\" src=\"https:\/\/www.schattengrenzen.de\/wp-content\/uploads\/2024\/04\/Mittendrin-nirgendwo-212x300.jpg\" alt=\"\" width=\"187\" height=\"265\" \/><\/p>\n<p><span style=\"font-size: 16px;\">Klappentext:<br \/>\n<\/span>Sieben Geschichten von acht Autoren \u00fcber Kinder, die mittendrin leben, doch nirgendwo zuhause sind. Manche sind fantastisch, andere erschreckend real, eine spielt in der Vergangenheit und manche muten wie ein M\u00e4rchen an. Es geht darum wegzugehen, anzukommen, sich bekannten und unbekannten Gefahren zu stellen, Mut zu beweisen und neue Chancen zu ergreifen. Doch allen Geschichten ist eines gemeinsam: Das Licht am Horizont nach einer finsteren Nacht.<\/p>\n<\/article>\n<article class=\"col-md-12 item-page\">Mitwirkende Autoren: Sandra Andrea Huber, Eve Flavian und Neela Faye, Julia Bohndorf, Tanja Meurer, Daniel Schiller, Juliane Seidel, Swantje Berndt<\/article>\n<article class=\"col-md-12 item-page\">\n<hr \/>\n<\/article>\n<article><\/article>\n<article><\/article>\n<article><\/article>\n<article><\/article>\n<article><\/article>\n<article><\/article>\n<article><\/article>\n<article><\/article>\n<article><\/article>\n<article><\/article>\n<article><\/article>\n<article><\/article>\n<article class=\"col-md-12 item-page\"><strong><a href=\"https:\/\/www.amazon.de\/Like-Dream-Benefizanthologie-Juliane-Seidel-ebook\/dp\/B01MA55SFV\">Bruderliebe<\/a> \u2013 Like a Dream, 2016<\/strong><\/article>\n<article class=\"col-md-12 item-page\">\n<img loading=\"lazy\" decoding=\"async\" class=\"size-medium wp-image-1713 alignleft\" src=\"https:\/\/www.schattengrenzen.de\/wp-content\/uploads\/2024\/04\/LaD-192x300.jpg\" alt=\"\" width=\"192\" height=\"300\" srcset=\"https:\/\/www.schattengrenzen.de\/wp-content\/uploads\/2024\/04\/LaD-192x300.jpg 192w, https:\/\/www.schattengrenzen.de\/wp-content\/uploads\/2024\/04\/LaD-300x469.jpg 300w, https:\/\/www.schattengrenzen.de\/wp-content\/uploads\/2024\/04\/LaD.jpg 320w\" sizes=\"auto, (max-width: 192px) 100vw, 192px\" \/>Klappentext:<br \/>\nNimm dir Zeit zum Tr\u00e4umen \u2013 es bringt dich den Sternen n\u00e4her. (Irisches Sprichwort)<\/p>\n<div class=\"a-expander-content a-expander-partial-collapse-content a-expander-content-expanded\" aria-expanded=\"true\">Seit \u00fcber 15 Jahren besch\u00e4ftigt sich der Blog \u201eLike a Dream\u201c mit queeren Romanen, Comics und Filmen. Grund genug, den Geburtstag mit einer besonderen Anthologie zu feiern. 15 Autor*innen pr\u00e4sentieren fantasievolle, nachdenkliche und sinnliche Geschichten zum Thema Tr\u00e4ume, W\u00fcnsche und Hoffnungen.<br \/>\nDer Erl\u00f6s der Anthologie geht an das Mainzer LSBTI-Zentrum \u201eLBSK e.V.\u201c, das nicht nur mit der \u201eBar jeder Sicht\u201c einen Treffpunkt in Mainz geschaffen hat, sondern auch zahlreiche Gruppen und Vereine unterst\u00fctzt.Mit Beitr\u00e4gen von: Tanja Meurer, Florian Tietgen, Elisa Schwarz, Laurent Bach, Leann Porter, Sabrina \u017delezn\u00fd, Jobst Mahrenholz, Karo Stein, Thomas Pregel, Alexa Lor, Chris P. Rolls, Anna Maske, Savannah Lichtenwald, Jannis Plastargias und Juliane Seidel<\/p>\n<hr \/>\n<\/div>\n<div class=\"a-expander-header a-expander-partial-collapse-header\"><strong><a href=\"https:\/\/www.amazon.de\/Geistermaschinen-Die-Steampunk-Chroniken-Stefan-Holzhauer-ebook\/dp\/B01GGS0CX4\">W\u00e4rme mein Herz<\/a> \u2013 Geistermaschinen, 2016<\/strong><\/div>\n<div><\/div>\n<\/article>\n<article class=\"col-md-12 item-page\"><img loading=\"lazy\" decoding=\"async\" class=\"size-medium wp-image-1719 alignleft\" src=\"https:\/\/www.schattengrenzen.de\/wp-content\/uploads\/2024\/04\/Geistermaschinen-188x300.jpg\" alt=\"\" width=\"188\" height=\"300\" srcset=\"https:\/\/www.schattengrenzen.de\/wp-content\/uploads\/2024\/04\/Geistermaschinen-188x300.jpg 188w, https:\/\/www.schattengrenzen.de\/wp-content\/uploads\/2024\/04\/Geistermaschinen-300x479.jpg 300w, https:\/\/www.schattengrenzen.de\/wp-content\/uploads\/2024\/04\/Geistermaschinen.jpg 626w\" sizes=\"auto, (max-width: 188px) 100vw, 188px\" \/>Klappentext:<br \/>\nDie Steampunk-Chroniken &#8211; GeistermaschinenWenn alte, schaurige Gem\u00e4uer, wei\u00dfe Frauen und irre Wissenschaftler auf \u00c6therspektrografen und mechanische Geisterfallen treffen, dann verb\u00fcnden sich E.T.A. Hoffmann, Edgar Allan Poe, oder H.P. Lovecraft mit Jules Verne, dann entsteht eine Symbiose aus Gaslicht-Schauergeschichten und Steampunk.<br \/>\nIn 12 Geschichten verquicken die Autoren die Versatzst\u00fccke klassischen Grusels mit den physikalisch unkorrekten technischen und wissenschaftlichen Erkenntnissen des Genres Steampunk, und schicken den Leser in ein bizarres Zwischenreich aus Schrecken und Aufkl\u00e4rung, aus Grusel und Forschung, dem man nie wieder entrinnen wird.<br \/>\nFolgende Autorinnen und Autoren erlauben sich, euch das Gruseln zu lehren &#8211; wenn ihr es wagt:<br \/>\nVorwort: Anja Bagus- Das Pyrophon \u2014 Tedine Sanss<br \/>\n&#8211; Das Doppelleben einer Hausfrau \u2014 Daniela Chana<br \/>\n&#8211; Das Bestiarium des Dr. Pike \u2014 Christian G\u00fcnther<br \/>\n&#8211; Von Teufeln und D\u00e4monen \u2014 Sean O\u2018Connell<br \/>\n&#8211; Archibald Leach und die Geister der Grotten \u2014 Markus Cremer<br \/>\n&#8211; Tally Ho! \u2014 Bernd Meyer<br \/>\n&#8211; Schwingen \u2014 Brida Anderson<br \/>\n&#8211; Totenruhe \u2014 Merlin Thomas<br \/>\n&#8211; Seelenspiegel \u2014 Stephanie Roller<br \/>\n&#8211; Das Puppenhaus des Italieners \u2014 Jan-Niklas Bersenkowitsch<br \/>\n&#8211; W\u00e4rme mein Herz \u2014 Tanja Meurer<br \/>\n&#8211; Der mechanische Geist \u2014 Tedine Sanss<\/p>\n<hr \/>\n<\/article>\n<article class=\"col-md-12 item-page\"><strong><a href=\"https:\/\/www.amazon.de\/Love-Romantische-Kurzgeschichten-gegen-Homophobie-ebook\/dp\/B014TFCH52\">Herbst<\/a> \u2013 Love is Love, 2015<\/strong><\/article>\n<article>\n<hr \/>\n<\/article>\n<article class=\"col-md-12 item-page\"><strong><a href=\"https:\/\/www.amazon.de\/Zusammen-finden-Benefiz-Anthologie-J-Walther-ebook\/dp\/B01255UN22\">Hunger<\/a> \u2013 Zusammen finden, 2015<\/strong><\/article>\n<article class=\"col-md-12 item-page\">\n<img loading=\"lazy\" decoding=\"async\" class=\"alignleft size-medium wp-image-1720\" src=\"https:\/\/www.schattengrenzen.de\/wp-content\/uploads\/2024\/04\/Zusammen-finden-188x300.jpg\" alt=\"\" width=\"188\" height=\"300\" srcset=\"https:\/\/www.schattengrenzen.de\/wp-content\/uploads\/2024\/04\/Zusammen-finden-188x300.jpg 188w, https:\/\/www.schattengrenzen.de\/wp-content\/uploads\/2024\/04\/Zusammen-finden-300x479.jpg 300w, https:\/\/www.schattengrenzen.de\/wp-content\/uploads\/2024\/04\/Zusammen-finden.jpg 626w\" sizes=\"auto, (max-width: 188px) 100vw, 188px\" \/>Klappentext:<br \/>\nDylan und Thor sind auf der Flucht \u2013 voreinander? Noah kann sich nicht von Oliver fernhalten, obwohl der Wolf in ihm es m\u00fcsste; Heinrich will nicht von Konrad lassen; Paolo findet jemanden wieder, an den er fast nicht mehr gedacht hat; Nazar kann nicht zu den Magielinien finden \u2013 liegt der Schl\u00fcssel dazu in Kiama? Nils schafft es nicht, sich seinem besten Freund zu offenbaren und ein Mann ist eifers\u00fcchtig auf eine Statue seines Freundes \u2013 werden sie zusammenfinden?F\u00fcnfzehn AutorInnen haben sich zusammengefunden, um dreizehn spannende, nachdenkliche oder sinnliche Geschichten zu pr\u00e4sentieren. Der Erl\u00f6s des Bandes geht komplett an eine junge Autorin, die auf Grund schwerer Krankheit Unterst\u00fctzung ben\u00f6tigt. Die Spende soll ihr erm\u00f6glichen, an Veranstaltungen teilzunehmen und ein St\u00fcck Mobili\u00e4t zur\u00fcckzuerlangen.Mit Beitr\u00e4gen von: Bianca Nias, Chris P. Rolls, Jobst Mahrenholz, J. Walther, Juliane Seidel, Justin C. Skylark, Karolina Peli, Moritz Berg, Paul Senftenberg, Raik Thorstad, Rosha Reads, S.B. Sasori, Sch\u00e4nnieh Dunkelstrauch, Susann Julieva, Tanja Meurer<\/p>\n<hr \/>\n<\/article>\n<article class=\"col-md-12 item-page\"><strong><a href=\"https:\/\/www.amazon.de\/Die-K%C3%B6che-Speisekammer-Schlemmens\/dp\/3943378055\">Zucchinischlacht<\/a> \u2013 Die K\u00f6che: Die Speisekammer des Schlemmens, Ulrich Burger Verlag, 2012<\/strong><\/article>\n<article class=\"col-md-12 item-page\">\n<figure id=\"attachment_1721\" aria-describedby=\"caption-attachment-1721\" style=\"width: 212px\" class=\"wp-caption alignleft\"><img loading=\"lazy\" decoding=\"async\" class=\"wp-image-1721 size-medium\" src=\"https:\/\/www.schattengrenzen.de\/wp-content\/uploads\/2024\/04\/Die-Koeche-Die-Speisekammer-des-Schlemmens-212x300.jpg\" alt=\"\" width=\"212\" height=\"300\" srcset=\"https:\/\/www.schattengrenzen.de\/wp-content\/uploads\/2024\/04\/Die-Koeche-Die-Speisekammer-des-Schlemmens-212x300.jpg 212w, https:\/\/www.schattengrenzen.de\/wp-content\/uploads\/2024\/04\/Die-Koeche-Die-Speisekammer-des-Schlemmens-300x424.jpg 300w, https:\/\/www.schattengrenzen.de\/wp-content\/uploads\/2024\/04\/Die-Koeche-Die-Speisekammer-des-Schlemmens.jpg 707w\" sizes=\"auto, (max-width: 212px) 100vw, 212px\" \/><figcaption id=\"caption-attachment-1721\" class=\"wp-caption-text\">Die K\u00f6che: Speisekammer des Schlemmens<\/figcaption><\/figure>\n<p>Klappentext: Man nehme:<br \/>\nStephan Russb\u00fclt, Birgit Fiolka, Christian von Aster, Berta Valentina Berger, Sabrina Qunaj, Bernd Perplies, Christian Humberg, Kristin Falck, Nicole Schuhmacher, Rebekka Pax, T.S. Orgel, Thilo Corzilius, Thomas Finn, Tanja Bern, Ruth M. Fuchs, Linda Budinger, Ann-Kathrin Karschnick, Vee-Jas (Tanja Meurer; Juliane Seidel), Marco Reuther, Diana Kinne, Stefanie Altmeyer und Isa Theobald<br \/>\nUnd heraus kommt ein Buch voller Geschichten und Rezepte.<br \/>\nDer Nachfolger der Fantasy-Kochbuch-Reihe &#8220;Die K\u00f6che &#8211; Biss zum Mittagessen&#8221;<\/article>\n<article><\/article>\n<article><\/article>\n<article><\/article>\n<article><\/article>\n<article><\/article>\n<article><\/article>\n<article><\/article>\n<article>\n<hr \/>\n<\/article>\n<article><\/article>\n<article><\/article>\n<article><\/article>\n<article class=\"col-md-12 item-page\"><strong>Spuren im Schnee \u2013 Kreaturen der Nacht, Freie Redaktion XUN, 2012<\/strong><\/article>\n<article>\n<hr \/>\n<\/article>\n<article class=\"col-md-12 item-page\"><strong>Die Nacht in mir \u2013 Like an Dream Adventskalender, 2012<\/strong><\/article>\n<article>\n<hr \/>\n<\/article>\n<article class=\"col-md-12 item-page\"><strong><a href=\"https:\/\/www.amazon.de\/Aethergarn-Die-Steampunk-Chroniken-Stefan-Holzhauer-ebook\/dp\/B00679FK2Q\">Ruf der Sterne<\/a> \u2013 Aethergarn, Steampunk-Chroniken, 2011<\/strong><\/article>\n<article class=\"col-md-12 item-page\">\n<img loading=\"lazy\" decoding=\"async\" class=\"alignleft size-medium wp-image-1718\" src=\"https:\/\/www.schattengrenzen.de\/wp-content\/uploads\/2024\/04\/Aethergarn-225x300.jpg\" alt=\"\" width=\"225\" height=\"300\" srcset=\"https:\/\/www.schattengrenzen.de\/wp-content\/uploads\/2024\/04\/Aethergarn-225x300.jpg 225w, https:\/\/www.schattengrenzen.de\/wp-content\/uploads\/2024\/04\/Aethergarn-300x400.jpg 300w, https:\/\/www.schattengrenzen.de\/wp-content\/uploads\/2024\/04\/Aethergarn.jpg 375w\" sizes=\"auto, (max-width: 225px) 100vw, 225px\" \/>Klappentext: DIE STEAMPUNK-CHRONIKEN &#8211; \u00c6THERGARNDas Viktorianische Zeitalter &#8211; eine Zeit des Aufbruchs und der Pioniertaten. W\u00e4hrend die Karten der Erde erst nach und nach ihre wei\u00dfen Flecken verlieren bricht die Menscheit auf, um einen v\u00f6llig neuen Lebensraum zu erforschen: den \u00c6ther.Was w\u00e4re, wenn die Theorien der Wissenschaftler jener Zeit korrekt gewesen w\u00e4ren? Und was w\u00e4re, wenn die Menschheit es geschafft h\u00e4tte, mit \u00c6therschiffen in den Weltenraum aufzubrechen, um die Planeten des Sonnensystems &#8211; und dar\u00fcber hinaus zu kolonisieren?\u00dcber die Abenteuer jener Pioniere berichtet dieses Buch &#8211; doch es sei eine Warnung ausgesprochen: nicht nur im \u00c6ther droht Gefahr &#8230;Der erste Band der &#8220;Steampunk-Chroniken&#8221; unter dem Titel &#8220;\u00c6thergarn&#8221; entf\u00fchrt den Leser in die Welt der Steampunk-Raumfahrt. Zehn Autoren steuerten Geschichten bei:- Das Herz, der Schlund und das Blut &#8211; Tedine Sanss<br \/>\n&#8211; Die Jagd nach dem Kometentier &#8211; Sean O&#8217;Connell &#8211; Lillys Zukunft &#8211; Andreas Dresen<br \/>\n&#8211; Die Jesaja-Mission &#8211; Alexandra Keller<br \/>\n&#8211; Den Tod falsch einsortiert &#8211; Andreas Wolz<br \/>\n&#8211; Ruf der Sterne &#8211; Tanja Meurer<br \/>\n&#8211; Es ist nicht leicht, kein Held zu sein &#8211; Bernd Meyer<br \/>\n&#8211; Die Schatten des \u00c6thers &#8211; Andreas Suchanek<br \/>\n&#8211; Gedanken an Schmetterlinge &#8211; Thomas W\u00fcstemann<br \/>\n&#8211; Die letzte Grenze &#8211; Dieter BohnDas Vorwort verfasste Carsten Steenbergen<\/p>\n<hr \/>\n<\/article>\n<article class=\"col-md-12 item-page\"><strong><a href=\"https:\/\/www.amazon.de\/Ley-Lines-weitere-mystische-Momente\/dp\/3981284666\">Raben<\/a> \u2013 Ley Lines: und weitere mystische Momente, Ulrich Burger Verlag, 2011<\/strong><\/article>\n<article class=\"col-md-12 item-page\">\n<img loading=\"lazy\" decoding=\"async\" class=\"alignleft size-medium wp-image-1715\" src=\"https:\/\/www.schattengrenzen.de\/wp-content\/uploads\/2024\/04\/Ley-Lines-188x300.jpg\" alt=\"\" width=\"188\" height=\"300\" srcset=\"https:\/\/www.schattengrenzen.de\/wp-content\/uploads\/2024\/04\/Ley-Lines-188x300.jpg 188w, https:\/\/www.schattengrenzen.de\/wp-content\/uploads\/2024\/04\/Ley-Lines.jpg 300w\" sizes=\"auto, (max-width: 188px) 100vw, 188px\" \/>Klappentext: London ist ein magischer Ort. In den Stra\u00dfen wabern Nebel und in den verwinkelten Gassen lauern geheimnisvolle Geschehnisse, von denen zu berichten sich die hier versammelten Kurzgeschichten trauen. Zum ersten Mal (jedenfalls k\u00f6nnte dies so sein, wenn mich meine Erinnerungen nicht tr\u00fcgen und ich davon ausgehe, dass die beste Erinnerung nicht gleichsam die erfundene ist) schritt ich an der Hand von Charles Dickens durch die Stra\u00dfen Londons. David Copperfield, Little Nell Trent, Scrooge und all die anderen waren die Bekanntschaften, die ich machte. Sp\u00e4ter kamen weitere hinzu: Mary Poppins in der Cherry Tree Lane, Peter Pan in Kensington Gardens, Jack the Ripper in Whitechapel; und weitere folgten (zum Leben erweckt von Autoren wie Edward Rutherfurd, Tom Holland, Charles Palliser, Neil Gaiman, China Mi\u00e8ville, Dan Simmons, Peter Ackroyd und Ross Gilfillan). London ist wahrlich eine Stadt, die voller Geschichten ist. Und welches Medium w\u00fcrde sich besser dazu eignen, die Vielf\u00e4ltigkeit dieser Stadt einzufangen, als das der Kurzgeschichte. Kurzgeschichten sind vielf\u00e4ltig und bunt und einfach nur wunderbar, sie sind lebendige einzigartige Ideen, die \u00fcber den Himmel st\u00fcrmen wie ein Sternenregen. Lesen Sie diese Geschichten, wie ich es tue, eine nach der anderen, dann wild durcheinander in der Reihenfolge, immer und immer wieder; und sp\u00fcren Sie den Zauber, der jedes Mal zur\u00fcckkehren wird, wenn Sie den Band, den sie in den H\u00e4nden halten, erneut aufschlagen. Lassen Sie sich wieder und wieder erneut an die Hand nehmen und besuchen Sie die Fleet Street, Piccadilly Circus, Hampstead Heath, Rotherhithe und all die anderen Orte (die bekannten und, nat\u00fcrlich, auch die unbekannten \u2013 die vermutlich ein wenig gef\u00e4hrlicher sind). Ach ja, und erz\u00e4hlen Sie anderen davon, denn Kurzgeschichten, wie lebendige Wesen, m\u00f6chten nicht allein bleiben und gelesen werden.<br \/>\nChristoph Marzi<\/article>\n<article>\n<hr \/>\n<\/article>\n<article class=\"col-md-12 item-page\"><strong><a href=\"https:\/\/www.amazon.de\/Kalt-glimmen-die-Sterne-Vampirgeschichten\/dp\/3942903008\">Der Misanthrop<\/a> \u2013 Kalt Klimmen die Sterne, Sphera-Verlag, 2009<\/strong><\/article>\n<article class=\"col-md-12 item-page\">\n<img loading=\"lazy\" decoding=\"async\" class=\"alignleft size-full wp-image-1714\" src=\"https:\/\/www.schattengrenzen.de\/wp-content\/uploads\/2024\/04\/Kalt-Klimmen-die-Sterne.jpg\" alt=\"\" width=\"178\" height=\"283\" \/>Klappentext: Eine fantastische Anthologie mit 22 d\u00fcsteren, melancholischen und ber\u00fchrenden Kurzgeschichten \u00fcber die faszinierenden Kreaturen der Dunkelheit.<\/p>\n<div class=\"a-expander-content a-expander-partial-collapse-content a-expander-content-expanded\" aria-expanded=\"true\">22 deutschsprachige Autoren werfen \u00fcberraschend moderne und nachdenkliche Blicke auf das Wesen des Vampirs. Quer durch die Jahrhunderte erz\u00e4hlen sie von der gleichen Gestalt: von der Kreuzigung Christi \u00fcber den Moloch der modernen Gro\u00dfstadt bis in eine d\u00fcstere Zukunft. Und doch ist hier keine Geschichten wie die andere.Eines aber haben all die Blutsauger dieser Sammlung gemein: das unerbittliche Ringen mit sich, der Welt und Fragen rund um<br \/>\nUnsterblichkeit, \u00dcberlegenheit, das Gewissen,<br \/>\nBegierde, Sehnsucht, Verachtung,<br \/>\nEinsamkeit, Verlust, Angst<br \/>\nund die menschliche Seele.<\/p>\n<hr \/>\n<\/div>\n<p><strong><a href=\"https:\/\/www.amazon.de\/Karfunkelfeuer-magische-Momente-UlrichBurger-Verlag\/dp\/3981284615\">Drachentraum<\/a> \u2013 Karfunkelfeuer, Ulrich Burger Verlag, 2009<\/strong><\/p>\n<\/article>\n<figure id=\"attachment_1722\" aria-describedby=\"caption-attachment-1722\" style=\"width: 127px\" class=\"wp-caption alignnone\"><img loading=\"lazy\" decoding=\"async\" class=\"size-full wp-image-1722\" src=\"https:\/\/www.schattengrenzen.de\/wp-content\/uploads\/2024\/04\/Karfunkelfeuer.jpg\" alt=\"\" width=\"127\" height=\"180\" \/><figcaption id=\"caption-attachment-1722\" class=\"wp-caption-text\">Karfunkelfeuer und andere magische Geschichten<\/figcaption><\/figure>\n<hr \/>\n<article class=\"col-md-12 item-page\"><strong><a href=\"https:\/\/www.amazon.de\/Buntes-Herbstgefl%C3%BCster-Herbstgeschichten-aus-Bl%C3%A4tterwelt\/dp\/3981284682\">Nebelsang<\/a> \u2013 Buntes Herbstgefl\u00fcster, Ulrich Burger Verlag, 2009<\/strong><\/article>\n<article><\/article>\n<article class=\"col-md-12 item-page\">\n<figure id=\"attachment_1723\" aria-describedby=\"caption-attachment-1723\" style=\"width: 188px\" class=\"wp-caption alignnone\"><img loading=\"lazy\" decoding=\"async\" class=\"size-medium wp-image-1723\" src=\"https:\/\/www.schattengrenzen.de\/wp-content\/uploads\/2024\/04\/Buntes-Herbstgefluester-188x300.jpg\" alt=\"\" width=\"188\" height=\"300\" srcset=\"https:\/\/www.schattengrenzen.de\/wp-content\/uploads\/2024\/04\/Buntes-Herbstgefluester-188x300.jpg 188w, https:\/\/www.schattengrenzen.de\/wp-content\/uploads\/2024\/04\/Buntes-Herbstgefluester-300x479.jpg 300w, https:\/\/www.schattengrenzen.de\/wp-content\/uploads\/2024\/04\/Buntes-Herbstgefluester.jpg 313w\" sizes=\"auto, (max-width: 188px) 100vw, 188px\" \/><figcaption id=\"caption-attachment-1723\" class=\"wp-caption-text\">Buntes Herbstgefl\u00fcster<\/figcaption><\/figure>\n<\/article>\n<article><\/article>\n<article><\/article>\n<article><\/article>\n<article><\/article>\n<article><\/article>\n<article><\/article>\n<article><\/article>\n<article><\/article>\n<article><\/article>\n<article><\/article>\n<article><\/article>\n<article><\/article>\n<article><\/article>\n<article><\/article>\n<article><\/article>\n<article><\/article>\n<article><\/article>\n<article><\/article>\n<article><\/article>\n<article><\/article>\n<article><\/article>\n<article><\/article>\n<article><\/article>\n<article><\/article>\n<article><\/article>\n<article><\/article>\n<article><\/article>\n<article><\/article>\n<article><\/article>\n<article><\/article>\n<article><\/article>\n<article><\/article>\n<article><\/article>\n<article><\/article>\n<article><\/article>\n<article><\/article>\n<article><\/article>\n<article><\/article>\n<article><\/article>\n<article><\/article>\n<article><\/article>\n<article><\/article>\n<article><\/article>\n<article><\/article>\n<article>\n<hr \/>\n<\/article>\n<article class=\"col-md-12 item-page\"><strong>Eisnacht \u2013 unver\u00f6ffentlicht, 2008<\/strong><\/article>\n<article>\n<hr \/>\n<\/article>\n<article class=\"col-md-12 item-page\"><strong>Blutmond \u2013 unver\u00f6ffentlicht, 2007<\/strong><\/article>\n<article>\n<hr \/>\n<\/article>\n<article class=\"col-md-12 item-page\"><strong>Der Todesengel \u2013 XIMAG Magazin, Vindlicht Verlag, 2005<\/strong><\/article>\n<article>\n<hr \/>\n<\/article>\n<article class=\"col-md-12 item-page\"><strong>Gypsy \u2013 Legendens\u00e4nger 116. Machtlied, 2001<\/strong><\/article>\n<article>\n<hr \/>\n<\/article>\n<article class=\"col-md-12 item-page\"><strong>Kurzgeschichten im Legendens\u00e4nger, 1997<\/strong><\/article>\n<article>\n<hr \/>\n<\/article>\n<article><\/article>\n<div class=\"col-md-3 byblos-sidebar\">\n<div id=\"secondary\" class=\"widget-area\" role=\"complementary\">Bei den KGs im Legendens\u00e4nger handelt es sich um die allerersten Sachen, die ich auf dem PC geschrieben habe. Was davor entstanden ist, gibt es nur handschriftlich (Ordnerweise).<\/div>\n<\/div>\n","protected":false},"excerpt":{"rendered":"<p>Im Lauf der Jahre habe ich eigentlich wesentlich mehr Kurzgeschichten geschrieben, als ich je ver\u00f6ffentlicht habe. Einige davon, die ver\u00f6ffentlichten, sind bereits aufgelistet: Seeker &#8211; Planta Nubo: Eine Solarpunk-Anthologie in der Welt von \u00bbOvergrown\u00ab (Overgrown \/ Eine Solarpunk Welt 1), 2023 Klappentext: In der Solarpunk-Zukunft von Overgrown kann man sich die Welt von heute kaum&#8230;<\/p>\n","protected":false},"author":1,"featured_media":0,"parent":1096,"menu_order":6,"comment_status":"closed","ping_status":"closed","template":"","meta":{"footnotes":""},"class_list":["post-1187","page","type-page","status-publish","hentry"],"jetpack_sharing_enabled":true,"_links":{"self":[{"href":"https:\/\/www.schattengrenzen.de\/index.php?rest_route=\/wp\/v2\/pages\/1187","targetHints":{"allow":["GET"]}}],"collection":[{"href":"https:\/\/www.schattengrenzen.de\/index.php?rest_route=\/wp\/v2\/pages"}],"about":[{"href":"https:\/\/www.schattengrenzen.de\/index.php?rest_route=\/wp\/v2\/types\/page"}],"author":[{"embeddable":true,"href":"https:\/\/www.schattengrenzen.de\/index.php?rest_route=\/wp\/v2\/users\/1"}],"replies":[{"embeddable":true,"href":"https:\/\/www.schattengrenzen.de\/index.php?rest_route=%2Fwp%2Fv2%2Fcomments&post=1187"}],"version-history":[{"count":15,"href":"https:\/\/www.schattengrenzen.de\/index.php?rest_route=\/wp\/v2\/pages\/1187\/revisions"}],"predecessor-version":[{"id":1736,"href":"https:\/\/www.schattengrenzen.de\/index.php?rest_route=\/wp\/v2\/pages\/1187\/revisions\/1736"}],"up":[{"embeddable":true,"href":"https:\/\/www.schattengrenzen.de\/index.php?rest_route=\/wp\/v2\/pages\/1096"}],"wp:attachment":[{"href":"https:\/\/www.schattengrenzen.de\/index.php?rest_route=%2Fwp%2Fv2%2Fmedia&parent=1187"}],"curies":[{"name":"wp","href":"https:\/\/api.w.org\/{rel}","templated":true}]}}